{"id":53,"date":"2018-02-28T22:04:38","date_gmt":"2018-02-28T22:04:38","guid":{"rendered":"http:\/\/bbbrentacar.com\/esp\/?page_id=53"},"modified":"2018-06-06T07:16:29","modified_gmt":"2018-06-06T07:16:29","slug":"rent-a-van","status":"publish","type":"page","link":"https:\/\/bbbrentacar.com\/esp\/rent-a-van\/","title":{"rendered":"Vans"},"content":{"rendered":"<p>[et_pb_section bb_built=&#8221;1&#8243; fullwidth=&#8221;on&#8221; _builder_version=&#8221;3.3.1&#8243; background_color=&#8221;#ecf7f0&#8243; background_image=&#8221;https:\/\/bbbrentacar.com\/esp\/wp-content\/uploads\/2018\/04\/van-banner.jpg&#8221; border_color_all=&#8221;#d6d4cf&#8221; border_color_bottom=&#8221;#c2c4be&#8221; box_shadow_style=&#8221;preset1&#8243; box_shadow_vertical=&#8221;0px&#8221; box_shadow_blur=&#8221;8px&#8221; box_shadow_spread=&#8221;-1px&#8221; box_shadow_color=&#8221;#000000&#8243; next_background_color=&#8221;#ffffff&#8221;][et_pb_fullwidth_header title=&#8221;Vans&#8221; button_one_url=&#8221;http:\/\/bbbrentacar.com\/esp\/inventory\/?et_fb=1&#8243; button_two_url=&#8221;http:\/\/bbbrentacar.com\/esp\/inventory\/?et_fb=1&#8243; background_overlay_color=&#8221;rgba(255,252,252,0.5)&#8221; _builder_version=&#8221;3.2&#8243; title_font=&#8221;||||||||&#8221; background_color=&#8221;rgba(255, 255, 255, 0)&#8221; background_layout=&#8221;light&#8221; custom_margin=&#8221;|||&#8221; custom_padding=&#8221;37px||37px|&#8221; custom_padding_tablet=&#8221;30px||30px|&#8221; custom_padding_phone=&#8221;15px||15px|&#8221; custom_padding_last_edited=&#8221;on|phone&#8221; \/][\/et_pb_section][et_pb_section bb_built=&#8221;1&#8243; admin_label=&#8221;section&#8221; custom_padding_last_edited=&#8221;on|tablet&#8221; _builder_version=&#8221;3.0.101&#8243; custom_margin_tablet=&#8221;||-40px|&#8221; custom_margin_last_edited=&#8221;on|phone&#8221; custom_padding=&#8221;13px|0px|24px|0px&#8221; prev_background_color=&#8221;#ecf7f0&#8243; next_background_color=&#8221;#000000&#8243;][et_pb_row admin_label=&#8221;row&#8221; _builder_version=&#8221;3.0.101&#8243; background_size=&#8221;initial&#8221; background_position=&#8221;top_left&#8221; background_repeat=&#8221;repeat&#8221;][et_pb_column type=&#8221;4_4&#8243;][et_pb_filterable_portfolio fullwidth=&#8221;off&#8221; posts_number=&#8221;12&#8243; include_categories=&#8221;46,47,48,49,34,36,35,54,37,29&#8243; show_categories=&#8221;off&#8221; hover_icon=&#8221;%%204%%&#8221; zoom_icon_color=&#8221;#ffffff&#8221; hover_overlay_color=&#8221;rgba(77,75,78,0.69)&#8221; _builder_version=&#8221;3.0.101&#8243; title_font=&#8221;Source Sans Pro||||||||&#8221; title_font_size=&#8221;19px&#8221; filter_font=&#8221;|700||on|||||&#8221; filter_font_size=&#8221;15px&#8221; \/][\/et_pb_column][\/et_pb_row][\/et_pb_section][et_pb_section bb_built=&#8221;1&#8243; _builder_version=&#8221;3.0.101&#8243; custom_padding=&#8221;0px|0px|49.625px|0px&#8221; prev_background_color=&#8221;#000000&#8243; next_background_color=&#8221;#eceaed&#8221;][et_pb_row custom_padding=&#8221;0px|0px|0px|0px&#8221; _builder_version=&#8221;3.0.47&#8243; background_size=&#8221;initial&#8221; background_position=&#8221;top_left&#8221; background_repeat=&#8221;repeat&#8221;][et_pb_column type=&#8221;4_4&#8243;][et_pb_cta title=&#8221;\u00bfDeseas Alquilar un Coche en Baja?&#8221; button_url=&#8221;http:\/\/bbbrentacar.com\/esp\/contact-booking\/&#8221; button_text=&#8221;OBTEN UNA COTIZACI\u00d3N&#8221; _builder_version=&#8221;3.0.101&#8243; header_level=&#8221;h1&#8243; header_font=&#8221;||||||||&#8221; header_line_height=&#8221;1.2em&#8221; body_font=&#8221;||||||||&#8221; background_color=&#8221;#ecf7f0&#8243; background_color_gradient_direction=&#8221;330deg&#8221; background_size=&#8221;initial&#8221; background_position=&#8221;top_left&#8221; background_repeat=&#8221;repeat&#8221; border_width_bottom=&#8221;4px&#8221; border_color_bottom=&#8221;#18a74c&#8221; custom_button=&#8221;on&#8221; button_text_color=&#8221;#ffffff&#8221; button_bg_color=&#8221;#18a74c&#8221; button_border_width=&#8221;0px&#8221; button_border_radius=&#8221;46px&#8221; button_letter_spacing=&#8221;1px&#8221; button_font=&#8221;|||on|||||&#8221; button_icon=&#8221;%%180%%&#8221; button_icon_color=&#8221;#ecf7f0&#8243; button_bg_color_hover=&#8221;#018935&#8243; box_shadow_style=&#8221;preset1&#8243; box_shadow_vertical=&#8221;0px&#8221; box_shadow_blur=&#8221;12px&#8221; box_shadow_color=&#8221;rgba(0,0,0,0.22)&#8221; background_layout=&#8221;light&#8221; custom_margin=&#8221;|||&#8221; custom_padding=&#8221;50px||50px|&#8221;]<\/p>\n<h3>\u00a1Estamos aqu\u00ed para ayudarte!<\/h3>\n<div class=\"m_6830408754048177354et_pb_promo_description\">\n<p>Ll\u00e1manos u Obt\u00e9n una Cotizaci\u00f3n y te prepararemos el alquiler perfecto, al precio correcto.<\/p>\n<\/div>\n<p>[\/et_pb_cta][\/et_pb_column][\/et_pb_row][\/et_pb_section][et_pb_section bb_built=&#8221;1&#8243; _builder_version=&#8221;3.0.101&#8243; background_color=&#8221;#eceaed&#8221; custom_padding=&#8221;38px|0px|24px|0px&#8221; prev_background_color=&#8221;#ffffff&#8221;][et_pb_row custom_padding=&#8221;0px|0px|24.9531px|0px&#8221; _builder_version=&#8221;3.0.101&#8243;][et_pb_column type=&#8221;4_4&#8243;][et_pb_text _builder_version=&#8221;3.0.101&#8243; text_font=&#8221;||||||||&#8221; text_line_height=&#8221;1.2em&#8221; header_font=&#8221;||||||||&#8221;]<\/p>\n<h3 style=\"text-align: center;\"><strong>\u00a1Estamos orgullosos de las rese\u00f1as de nuestros clientes!<br \/> <\/strong><\/h3>\n<p style=\"text-align: center;\"><span style=\"font-size: 17px; text-align: left;\">Visite\u00a0<\/span><a style=\"font-size: 17px; text-align: left;\" title=\"Go see Yelp BBB reviews\" href=\"http:\/\/www.yelp.com\/biz\/bbb-rent-a-car-los-cabos\" target=\"_blank\" rel=\"noopener\"><strong>Yelp<\/strong><\/a><span style=\"font-size: 17px; text-align: left;\">,\u00a0\u00a0<\/span><span style=\"font-size: 17px; text-align: left;\"><strong><a title=\"Go see Google+ BBB reviews\" href=\"https:\/\/maps.google.com\/?cid=7609560591887984663\" target=\"_blank\" rel=\"noopener\">Google+<\/a><\/strong><\/span><span style=\"font-size: 17px; text-align: left;\">, o\u00a0<\/span><strong style=\"font-size: 17px; text-align: left;\"><a title=\"Go to Trip Advisor BBB reviews\" href=\"https:\/\/www.tripadvisor.com\/SearchForums?ff=83&#038;geo=150773&#038;scope=2&#038;q=bbb+rent+a+car&#038;pid=34633&#038;s=D\" target=\"_blank\" rel=\"noopener\">TripAdvisor<\/a><\/strong><span style=\"font-size: 17px; text-align: left;\">\u00a0y ve lo que dicen nuestros clientes sobre sus experiencias con <\/span><strong style=\"font-size: 17px; text-align: left;\"><span class=\"notranslate\">BBB Rent a Car<\/span>.<\/strong><\/p>\n<p>[\/et_pb_text][et_pb_slider show_pagination=&#8221;off&#8221; _builder_version=&#8221;3.0.101&#8243; body_font=&#8221;||||||||&#8221; body_font_size=&#8221;16px&#8221; body_line_height=&#8221;1.5em&#8221; background_color=&#8221;#ffffff&#8221; border_color_bottom=&#8221;#18a74c&#8221; box_shadow_style=&#8221;preset1&#8243; box_shadow_blur=&#8221;7px&#8221; box_shadow_color=&#8221;rgba(0,66,23,0.22)&#8221;][et_pb_slide _builder_version=&#8221;3.0.101&#8243; background_color=&#8221;#ffffff&#8221; background_layout=&#8221;light&#8221;]<\/p>\n<p><img loading=\"lazy\" decoding=\"async\" class=\"wp-image-101 alignnone size-full\" src=\"http:\/\/bbbrentacar.com\/esp\/wp-content\/uploads\/2018\/03\/5-star.png\" alt=\"\" width=\"103\" height=\"19\" \/><\/p>\n<p><em>&#8220;\u00a1Fue una experiencia absolutamente perfecta! La camioneta que alquilamos estaba lista y esperando como se describi\u00f3. \u00a1Recogerla despu\u00e9s de que cerraron no fue un problema! Adriana resolvi\u00f3 todos los detalles conmigo antes de nuestra llegada por correo electr\u00f3nico y tel\u00e9fono. Ella fue muy receptiva y respondi\u00f3 todas mis preguntas. La recogida fue r\u00e1pida y conveniente, y el taxista con el que nos dijeron que nos conect\u00e1ramos sab\u00eda exactamente qu\u00e9 hacer. \u00a1El regreso fue igual de bueno! Los precios fueron exactamente como se indica sin tarifas ocultas. El servicio al cliente fue m\u00e1s amigable y \u00fatil de lo esperado. No usar\u00e9 ninguna otra compa\u00f1\u00eda despu\u00e9s de mi experiencia con BBB&#8221;.<\/em><\/p>\n<p><strong>Jennifer V.<\/strong> (rese\u00f1a a trav\u00e9s de <a href=\"https:\/\/www.yelp.com\/biz\/bbb-rent-a-car-los-cabos-2\" target=\"_blank\" rel=\"noopener noreferrer\">Yelp<\/a>)\u00a0 \u00a0\u2022<strong>\u00a0 \u00a0<span style=\"text-decoration: underline;\"><a href=\"https:\/\/www.yelp.com\/biz\/bbb-rent-a-car-los-cabos-2\" target=\"_blank\" rel=\"noopener noreferrer\">VER TODOS LOS COMENTARIOS<\/a><\/span><\/strong><\/p>\n<p>[\/et_pb_slide][et_pb_slide _builder_version=&#8221;3.0.101&#8243; background_color=&#8221;#ffffff&#8221; background_layout=&#8221;light&#8221;]<\/p>\n<p><img loading=\"lazy\" decoding=\"async\" src=\"http:\/\/bbbrentacar.com\/esp\/wp-content\/uploads\/2018\/03\/google-stars.png\" width=\"114\" height=\"23\" alt=\"\" class=\"wp-image-332 alignnone size-full\" \/><\/p>\n<p><em>&#8220;Alquilamos una camioneta de 12 pasajeros para una excursi\u00f3n a Cabo Pulmo con algunos amigos, durante una semana. Sagi fue incre\u00edble durante todo el tiempo, la comunicaci\u00f3n fue f\u00e1cil y siempre respondi\u00f3 a mis solicitudes por correo electr\u00f3nico. Definitivamente voy a rentar de esta gente otra vez &#8220;.<\/em><\/p>\n<p><strong>Gary P.<\/strong>\u00a0(rese\u00f1a a trav\u00e9s de <a href=\"https:\/\/maps.google.com\/?cid=7609560591887984663\" target=\"_blank\" rel=\"noopener noreferrer\">Google<\/a>)\u00a0 \u00a0\u2022<strong>\u00a0 \u00a0<span style=\"text-decoration: underline;\"><a href=\"https:\/\/maps.google.com\/?cid=7609560591887984663\" target=\"_blank\" rel=\"noopener noreferrer\">VER TODOS LOS COMENTARIOS<\/a><\/span><\/strong><\/p>\n<p>[\/et_pb_slide][\/et_pb_slider][\/et_pb_column][\/et_pb_row][\/et_pb_section]<\/p>\n","protected":false},"excerpt":{"rendered":"<p>\u00a1Estamos aqu\u00ed para ayudarte! Ll\u00e1manos u Obt\u00e9n una Cotizaci\u00f3n y te prepararemos el alquiler perfecto, al precio correcto. \u00a1Estamos orgullosos de las rese\u00f1as de nuestros clientes! Visite\u00a0Yelp,\u00a0\u00a0Google+, o\u00a0TripAdvisor\u00a0y ve lo que dicen nuestros clientes sobre sus experiencias con BBB Rent a Car. &#8220;\u00a1Fue una experiencia absolutamente perfecta! La camioneta que alquilamos estaba lista y esperando [&hellip;]<\/p>\n","protected":false},"author":2,"featured_media":0,"parent":0,"menu_order":0,"comment_status":"closed","ping_status":"closed","template":"","meta":{"_et_pb_use_builder":"on","_et_pb_old_content":"","_et_gb_content_width":"","footnotes":""},"class_list":["post-53","page","type-page","status-publish","hentry"],"yoast_head":"<!-- This site is optimized with the Yoast SEO plugin v27.3 - https:\/\/yoast.com\/product\/yoast-seo-wordpress\/ -->\n<title>Vans - BBB Rent a Car<\/title>\n<meta name=\"robots\" content=\"index, follow, max-snippet:-1, max-image-preview:large, max-video-preview:-1\" \/>\n<link rel=\"canonical\" href=\"https:\/\/bbbrentacar.com\/esp\/rent-a-van\/\" \/>\n<meta property=\"og:locale\" content=\"en_US\" \/>\n<meta property=\"og:type\" content=\"article\" \/>\n<meta property=\"og:title\" content=\"Vans - BBB Rent a Car\" \/>\n<meta property=\"og:description\" content=\"\u00a1Estamos aqu\u00ed para ayudarte! Ll\u00e1manos u Obt\u00e9n una Cotizaci\u00f3n y te prepararemos el alquiler perfecto, al precio correcto. \u00a1Estamos orgullosos de las rese\u00f1as de nuestros clientes! Visite\u00a0Yelp,\u00a0\u00a0Google+, o\u00a0TripAdvisor\u00a0y ve lo que dicen nuestros clientes sobre sus experiencias con BBB Rent a Car. &quot;\u00a1Fue una experiencia absolutamente perfecta! La camioneta que alquilamos estaba lista y esperando [&hellip;]\" \/>\n<meta property=\"og:url\" content=\"https:\/\/bbbrentacar.com\/esp\/rent-a-van\/\" \/>\n<meta property=\"og:site_name\" content=\"BBB Rent a Car\" \/>\n<meta property=\"article:modified_time\" content=\"2018-06-06T07:16:29+00:00\" \/>\n<meta property=\"og:image\" content=\"https:\/\/bbbrentacar.com\/esp\/wp-content\/uploads\/2018\/03\/5-star.png\" \/>\n\t<meta property=\"og:image:width\" content=\"206\" \/>\n\t<meta property=\"og:image:height\" content=\"38\" \/>\n\t<meta property=\"og:image:type\" content=\"image\/png\" \/>\n<meta name=\"twitter:card\" content=\"summary_large_image\" \/>\n<meta name=\"twitter:label1\" content=\"Est. reading time\" \/>\n\t<meta name=\"twitter:data1\" content=\"4 minutes\" \/>\n<script type=\"application\/ld+json\" class=\"yoast-schema-graph\">{\"@context\":\"https:\\\/\\\/schema.org\",\"@graph\":[{\"@type\":\"WebPage\",\"@id\":\"https:\\\/\\\/bbbrentacar.com\\\/esp\\\/rent-a-van\\\/\",\"url\":\"https:\\\/\\\/bbbrentacar.com\\\/esp\\\/rent-a-van\\\/\",\"name\":\"Vans - BBB Rent a Car\",\"isPartOf\":{\"@id\":\"https:\\\/\\\/bbbrentacar.com\\\/esp\\\/#website\"},\"primaryImageOfPage\":{\"@id\":\"https:\\\/\\\/bbbrentacar.com\\\/esp\\\/rent-a-van\\\/#primaryimage\"},\"image\":{\"@id\":\"https:\\\/\\\/bbbrentacar.com\\\/esp\\\/rent-a-van\\\/#primaryimage\"},\"thumbnailUrl\":\"http:\\\/\\\/bbbrentacar.com\\\/esp\\\/wp-content\\\/uploads\\\/2018\\\/03\\\/5-star.png\",\"datePublished\":\"2018-02-28T22:04:38+00:00\",\"dateModified\":\"2018-06-06T07:16:29+00:00\",\"breadcrumb\":{\"@id\":\"https:\\\/\\\/bbbrentacar.com\\\/esp\\\/rent-a-van\\\/#breadcrumb\"},\"inLanguage\":\"en-US\",\"potentialAction\":[{\"@type\":\"ReadAction\",\"target\":[\"https:\\\/\\\/bbbrentacar.com\\\/esp\\\/rent-a-van\\\/\"]}]},{\"@type\":\"ImageObject\",\"inLanguage\":\"en-US\",\"@id\":\"https:\\\/\\\/bbbrentacar.com\\\/esp\\\/rent-a-van\\\/#primaryimage\",\"url\":\"https:\\\/\\\/bbbrentacar.com\\\/esp\\\/wp-content\\\/uploads\\\/2018\\\/03\\\/5-star.png\",\"contentUrl\":\"https:\\\/\\\/bbbrentacar.com\\\/esp\\\/wp-content\\\/uploads\\\/2018\\\/03\\\/5-star.png\",\"width\":206,\"height\":38},{\"@type\":\"BreadcrumbList\",\"@id\":\"https:\\\/\\\/bbbrentacar.com\\\/esp\\\/rent-a-van\\\/#breadcrumb\",\"itemListElement\":[{\"@type\":\"ListItem\",\"position\":1,\"name\":\"Home\",\"item\":\"https:\\\/\\\/bbbrentacar.com\\\/esp\\\/\"},{\"@type\":\"ListItem\",\"position\":2,\"name\":\"Vans\"}]},{\"@type\":\"WebSite\",\"@id\":\"https:\\\/\\\/bbbrentacar.com\\\/esp\\\/#website\",\"url\":\"https:\\\/\\\/bbbrentacar.com\\\/esp\\\/\",\"name\":\"BBB Rent a Car\",\"description\":\"Renta de autos en Los Cabos - Cabo San Lucas San Jose Del Cabo - Baja California Sur\",\"potentialAction\":[{\"@type\":\"SearchAction\",\"target\":{\"@type\":\"EntryPoint\",\"urlTemplate\":\"https:\\\/\\\/bbbrentacar.com\\\/esp\\\/?s={search_term_string}\"},\"query-input\":{\"@type\":\"PropertyValueSpecification\",\"valueRequired\":true,\"valueName\":\"search_term_string\"}}],\"inLanguage\":\"en-US\"}]}<\/script>\n<!-- \/ Yoast SEO plugin. -->","yoast_head_json":{"title":"Vans - BBB Rent a Car","robots":{"index":"index","follow":"follow","max-snippet":"max-snippet:-1","max-image-preview":"max-image-preview:large","max-video-preview":"max-video-preview:-1"},"canonical":"https:\/\/bbbrentacar.com\/esp\/rent-a-van\/","og_locale":"en_US","og_type":"article","og_title":"Vans - BBB Rent a Car","og_description":"\u00a1Estamos aqu\u00ed para ayudarte! Ll\u00e1manos u Obt\u00e9n una Cotizaci\u00f3n y te prepararemos el alquiler perfecto, al precio correcto. \u00a1Estamos orgullosos de las rese\u00f1as de nuestros clientes! Visite\u00a0Yelp,\u00a0\u00a0Google+, o\u00a0TripAdvisor\u00a0y ve lo que dicen nuestros clientes sobre sus experiencias con BBB Rent a Car. \"\u00a1Fue una experiencia absolutamente perfecta! La camioneta que alquilamos estaba lista y esperando [&hellip;]","og_url":"https:\/\/bbbrentacar.com\/esp\/rent-a-van\/","og_site_name":"BBB Rent a Car","article_modified_time":"2018-06-06T07:16:29+00:00","og_image":[{"width":206,"height":38,"url":"https:\/\/bbbrentacar.com\/esp\/wp-content\/uploads\/2018\/03\/5-star.png","type":"image\/png"}],"twitter_card":"summary_large_image","twitter_misc":{"Est. reading time":"4 minutes"},"schema":{"@context":"https:\/\/schema.org","@graph":[{"@type":"WebPage","@id":"https:\/\/bbbrentacar.com\/esp\/rent-a-van\/","url":"https:\/\/bbbrentacar.com\/esp\/rent-a-van\/","name":"Vans - BBB Rent a Car","isPartOf":{"@id":"https:\/\/bbbrentacar.com\/esp\/#website"},"primaryImageOfPage":{"@id":"https:\/\/bbbrentacar.com\/esp\/rent-a-van\/#primaryimage"},"image":{"@id":"https:\/\/bbbrentacar.com\/esp\/rent-a-van\/#primaryimage"},"thumbnailUrl":"http:\/\/bbbrentacar.com\/esp\/wp-content\/uploads\/2018\/03\/5-star.png","datePublished":"2018-02-28T22:04:38+00:00","dateModified":"2018-06-06T07:16:29+00:00","breadcrumb":{"@id":"https:\/\/bbbrentacar.com\/esp\/rent-a-van\/#breadcrumb"},"inLanguage":"en-US","potentialAction":[{"@type":"ReadAction","target":["https:\/\/bbbrentacar.com\/esp\/rent-a-van\/"]}]},{"@type":"ImageObject","inLanguage":"en-US","@id":"https:\/\/bbbrentacar.com\/esp\/rent-a-van\/#primaryimage","url":"https:\/\/bbbrentacar.com\/esp\/wp-content\/uploads\/2018\/03\/5-star.png","contentUrl":"https:\/\/bbbrentacar.com\/esp\/wp-content\/uploads\/2018\/03\/5-star.png","width":206,"height":38},{"@type":"BreadcrumbList","@id":"https:\/\/bbbrentacar.com\/esp\/rent-a-van\/#breadcrumb","itemListElement":[{"@type":"ListItem","position":1,"name":"Home","item":"https:\/\/bbbrentacar.com\/esp\/"},{"@type":"ListItem","position":2,"name":"Vans"}]},{"@type":"WebSite","@id":"https:\/\/bbbrentacar.com\/esp\/#website","url":"https:\/\/bbbrentacar.com\/esp\/","name":"BBB Rent a Car","description":"Renta de autos en Los Cabos - Cabo San Lucas San Jose Del Cabo - Baja California Sur","potentialAction":[{"@type":"SearchAction","target":{"@type":"EntryPoint","urlTemplate":"https:\/\/bbbrentacar.com\/esp\/?s={search_term_string}"},"query-input":{"@type":"PropertyValueSpecification","valueRequired":true,"valueName":"search_term_string"}}],"inLanguage":"en-US"}]}},"_links":{"self":[{"href":"https:\/\/bbbrentacar.com\/esp\/wp-json\/wp\/v2\/pages\/53","targetHints":{"allow":["GET"]}}],"collection":[{"href":"https:\/\/bbbrentacar.com\/esp\/wp-json\/wp\/v2\/pages"}],"about":[{"href":"https:\/\/bbbrentacar.com\/esp\/wp-json\/wp\/v2\/types\/page"}],"author":[{"embeddable":true,"href":"https:\/\/bbbrentacar.com\/esp\/wp-json\/wp\/v2\/users\/2"}],"replies":[{"embeddable":true,"href":"https:\/\/bbbrentacar.com\/esp\/wp-json\/wp\/v2\/comments?post=53"}],"version-history":[{"count":0,"href":"https:\/\/bbbrentacar.com\/esp\/wp-json\/wp\/v2\/pages\/53\/revisions"}],"wp:attachment":[{"href":"https:\/\/bbbrentacar.com\/esp\/wp-json\/wp\/v2\/media?parent=53"}],"curies":[{"name":"wp","href":"https:\/\/api.w.org\/{rel}","templated":true}]}}