{"id":34176,"date":"2023-06-24T17:47:57","date_gmt":"2023-06-24T17:47:57","guid":{"rendered":"https:\/\/bbbrentacar.com\/esp\/?post_type=project&#038;p=34176"},"modified":"2023-06-24T17:50:03","modified_gmt":"2023-06-24T17:50:03","slug":"kia-sedona","status":"publish","type":"project","link":"https:\/\/bbbrentacar.com\/esp\/project\/kia-sedona\/","title":{"rendered":"Kia Sedona 8 pasajeros"},"content":{"rendered":"\n[et_pb_section fb_built=&#8221;1&#8243; fullwidth=&#8221;on&#8221; _builder_version=&#8221;4.16&#8243; background_color=&#8221;#efefef&#8221; custom_margin=&#8221;-10px||-5px|&#8221; custom_padding=&#8221;0px|0px|0px|0px&#8221; global_colors_info=&#8221;{}&#8221; theme_builder_area=&#8221;post_content&#8221;][et_pb_fullwidth_header title=&#8221;KIA Sedona (Van de Tama\u00f1o Completo)&#8221; button_one_url=&#8221;http:\/\/bbbrentacar.com\/esp\/inventory\/?et_fb=1&#8243; button_two_url=&#8221;http:\/\/bbbrentacar.com\/esp\/inventory\/?et_fb=1&#8243; _builder_version=&#8221;4.16&#8243; title_font=&#8221;||||||||&#8221; title_text_color=&#8221;#05782f&#8221; title_font_size=&#8221;35px&#8221; subhead_font=&#8221;|700||on|||||&#8221; subhead_text_color=&#8221;#05782f&#8221; subhead_font_size=&#8221;21px&#8221; background_color=&#8221;rgba(255, 255, 255, 0)&#8221; background_size=&#8221;initial&#8221; background_position=&#8221;top_left&#8221; background_repeat=&#8221;repeat&#8221; background_layout=&#8221;light&#8221; custom_padding_tablet=&#8221;&#8221; custom_padding_phone=&#8221;&#8221; custom_padding_last_edited=&#8221;on|phone&#8221; global_colors_info=&#8221;{}&#8221; button_one_text_size__hover_enabled=&#8221;off&#8221; button_two_text_size__hover_enabled=&#8221;off&#8221; button_one_text_color__hover_enabled=&#8221;off&#8221; button_two_text_color__hover_enabled=&#8221;off&#8221; button_one_border_width__hover_enabled=&#8221;off&#8221; button_two_border_width__hover_enabled=&#8221;off&#8221; button_one_border_color__hover_enabled=&#8221;off&#8221; button_two_border_color__hover_enabled=&#8221;off&#8221; button_one_border_radius__hover_enabled=&#8221;off&#8221; button_two_border_radius__hover_enabled=&#8221;off&#8221; button_one_letter_spacing__hover_enabled=&#8221;off&#8221; button_two_letter_spacing__hover_enabled=&#8221;off&#8221; button_one_bg_color__hover_enabled=&#8221;off&#8221; button_two_bg_color__hover_enabled=&#8221;off&#8221; theme_builder_area=&#8221;post_content&#8221;]<p><strong><span style=\"color: #4a4a4a; font-size: 20px;\">RANGO DE PRECIO $$$<\/span><span style=\"color: #c6c6c6; font-size: 20px;\">$<\/span><\/strong><\/p>[\/et_pb_fullwidth_header][\/et_pb_section][et_pb_section fb_built=&#8221;1&#8243; admin_label=&#8221;section&#8221; _builder_version=&#8221;4.16&#8243; custom_padding=&#8221;37px|0px|4px|0px&#8221; global_colors_info=&#8221;{}&#8221; theme_builder_area=&#8221;post_content&#8221;][et_pb_row custom_padding_last_edited=&#8221;on|tablet&#8221; admin_label=&#8221;row&#8221; _builder_version=&#8221;4.16&#8243; background_size=&#8221;initial&#8221; background_position=&#8221;top_left&#8221; background_repeat=&#8221;repeat&#8221; custom_margin=&#8221;|||&#8221; custom_margin_tablet=&#8221;||-15px|&#8221; custom_margin_phone=&#8221;&#8221; custom_margin_last_edited=&#8221;on|phone&#8221; custom_padding=&#8221;0px|0px|14px|0px&#8221; custom_padding_tablet=&#8221;||0px|&#8221; custom_padding_phone=&#8221;&#8221; global_colors_info=&#8221;{}&#8221; theme_builder_area=&#8221;post_content&#8221;][et_pb_column type=&#8221;4_4&#8243; _builder_version=&#8221;4.16&#8243; custom_padding=&#8221;|||&#8221; global_colors_info=&#8221;{}&#8221; custom_padding__hover=&#8221;|||&#8221; theme_builder_area=&#8221;post_content&#8221;][et_pb_image src=&#8221;https:\/\/bbbrentacar.com\/esp\/wp-content\/uploads\/2019\/02\/IMG_1941-scaled.jpeg&#8221; align_tablet=&#8221;center&#8221; align_last_edited=&#8221;on|desktop&#8221; _builder_version=&#8221;4.20.4&#8243; custom_padding=&#8221;|||&#8221; custom_padding_tablet=&#8221;&#8221; custom_padding_phone=&#8221;&#8221; custom_padding_last_edited=&#8221;on|phone&#8221; hover_enabled=&#8221;0&#8243; global_colors_info=&#8221;{}&#8221; theme_builder_area=&#8221;post_content&#8221; title_text=&#8221;IMG_1941&#8243; sticky_enabled=&#8221;0&#8243; align_phone=&#8221;center&#8221;][\/et_pb_image][\/et_pb_column][\/et_pb_row][et_pb_row _builder_version=&#8221;4.16&#8243; custom_padding=&#8221;24px|0px|31px|0px&#8221; global_colors_info=&#8221;{}&#8221; column_structure=&#8221;1_2,1_2&#8243; theme_builder_area=&#8221;post_content&#8221;][et_pb_column type=&#8221;1_2&#8243; _builder_version=&#8221;4.16&#8243; custom_padding=&#8221;|||&#8221; global_colors_info=&#8221;{}&#8221; custom_padding__hover=&#8221;|||&#8221; theme_builder_area=&#8221;post_content&#8221;][et_pb_text _builder_version=&#8221;4.20.4&#8243; text_font=&#8221;||||||||&#8221; background_size=&#8221;initial&#8221; background_position=&#8221;top_left&#8221; background_repeat=&#8221;repeat&#8221; hover_enabled=&#8221;0&#8243; global_colors_info=&#8221;{}&#8221; theme_builder_area=&#8221;post_content&#8221; sticky_enabled=&#8221;0&#8243;]<h2>Nuestras Van KIA Sedona<\/h2>\n<h4>De Tama\u00f1o Completo, con Capacidad para 8 Personas<\/h4>\n<p><span>Esta KIA Sedona viene con transmisi\u00f3n autom\u00e1tica y direcci\u00f3n asistida para una experiencia de conducci\u00f3n c\u00f3moda. El exterior est\u00e1 terminado en blanco, complementado por un interior gris con tapicer\u00eda de tela. Funciona con gasolina y tiene tracci\u00f3n delantera. Con una capacidad de asientos para 8 pasajeros distribuidos en 5 puertas, ofrece un amplio espacio para su familia o grupo. La minivan est\u00e1 equipada con aire acondicionado para mantener a todos frescos durante el viaje. Bajo el cap\u00f3, cuenta con un motor de 6 cilindros y 4 v\u00e1lvulas, que entrega una potencia de 266 caballos de fuerza y un torque m\u00e1ximo de 234 lb-ft. El tanque de combustible tiene una capacidad de 80 litros, lo que proporciona un consumo combinado de combustible de 11.3 Km\/l. El veh\u00edculo cuenta con rines de 17 pulgadas y tiene dimensiones de 5115 mm de longitud, 1984 mm de ancho y 1740 mm de altura. Tiene un peso de 2079 kg, lo que garantiza estabilidad y rendimiento en la carretera.<\/span><\/p>\n<p>BBB es f\u00e1cil de encontrar y a\u00fan m\u00e1s f\u00e1cil hacer negocios con nosotros. Convenientemente ubicados en el Aeropuerto Internacional de Los Cabos (\u00a1podemos ver la terminal desde una ventana del frente!), nos encantar\u00eda proporcionarte un veh\u00edculo para tu pr\u00f3xima aventura en Baja.<\/p>\n<p>Cuando alquilas con BBB, solo pagas por dos cosas: el veh\u00edculo de alquiler y el seguro que elijas. Todos los cargos e impuestos est\u00e1n incluidos en cada cotizaci\u00f3n.<\/p>[\/et_pb_text][\/et_pb_column][et_pb_column type=&#8221;1_2&#8243; _builder_version=&#8221;4.16&#8243; custom_padding=&#8221;|||&#8221; global_colors_info=&#8221;{}&#8221; custom_padding__hover=&#8221;|||&#8221; theme_builder_area=&#8221;post_content&#8221;][et_pb_gallery gallery_ids=&#8221;34166,34165,34164,34163,34162,34161,525&#8243; gallery_captions=&#8221;Ford Excursion | BBB Rent a Car,Ford Excursion | BBB Rent a Car,Ford Excursion | BBB Rent a Car,Ford Excursion | BBB Rent a Car,Ford Excursion | BBB Rent a Car,Ford Excursion | BBB Rent a Car,For your comfort and safety, BBB&#8217;s office and all of our vehicles are non-smoking.&#8221; fullwidth=&#8221;on&#8221; _builder_version=&#8221;4.20.4&#8243; caption_text_align=&#8221;center&#8221; pagination_text_color=&#8221;#4d4b4e&#8221; custom_margin_tablet=&#8221;||-25px|&#8221; custom_margin_phone=&#8221;&#8221; custom_margin_last_edited=&#8221;on|phone&#8221; auto=&#8221;on&#8221; auto_speed=&#8221;5000&#8243; hover_enabled=&#8221;0&#8243; pagination_font_size_tablet=&#8221;51&#8243; pagination_line_height_tablet=&#8221;2&#8243; global_colors_info=&#8221;{}&#8221; theme_builder_area=&#8221;post_content&#8221; sticky_enabled=&#8221;0&#8243;][\/et_pb_gallery][\/et_pb_column][\/et_pb_row][et_pb_row use_custom_gutter=&#8221;on&#8221; make_equal=&#8221;on&#8221; _builder_version=&#8221;4.16&#8243; module_alignment=&#8221;center&#8221; custom_padding=&#8221;0px|0px|25.3281px|0px&#8221; global_colors_info=&#8221;{}&#8221; column_structure=&#8221;1_3,1_3,1_3&#8243; theme_builder_area=&#8221;post_content&#8221;][et_pb_column type=&#8221;1_3&#8243; _builder_version=&#8221;4.16&#8243; custom_padding=&#8221;|||&#8221; global_colors_info=&#8221;{}&#8221; custom_padding__hover=&#8221;|||&#8221; theme_builder_area=&#8221;post_content&#8221;][et_pb_blurb title=&#8221;PASAJEROS&#8221; url=&#8221;http:\/\/bbbrentacar.com\/esp\/project\/car-test\/?et_fb=1&#8243; use_icon=&#8221;on&#8221; font_icon=&#8221;&#xe08b;||divi||400&#8243; icon_placement=&#8221;left&#8221; image_icon_width=&#8221;34px&#8221; content_max_width=&#8221;177px&#8221; _builder_version=&#8221;4.16&#8243; header_level=&#8221;h6&#8243; header_font=&#8221;|||on|||||&#8221; body_font=&#8221;||||||||&#8221; body_text_align=&#8221;center&#8221; body_font_size=&#8221;24px&#8221; module_alignment=&#8221;center&#8221; custom_padding=&#8221;3%||3%|&#8221; border_width_all=&#8221;1px&#8221; border_color_all=&#8221;#d5d3d6&#8243; icon_font_size=&#8221;34px&#8221; global_colors_info=&#8221;{}&#8221; theme_builder_area=&#8221;post_content&#8221;]8\r[\/et_pb_blurb][\/et_pb_column][et_pb_column type=&#8221;1_3&#8243; _builder_version=&#8221;4.16&#8243; custom_padding=&#8221;|||&#8221; global_colors_info=&#8221;{}&#8221; custom_padding__hover=&#8221;|||&#8221; theme_builder_area=&#8221;post_content&#8221;][et_pb_blurb title=&#8221;ASIENTOS PARA NI\u00d1OS Y BOOSTERS&#8221; url=&#8221;http:\/\/bbbrentacar.com\/esp\/project\/car-test\/?et_fb=1&#8243; use_icon=&#8221;on&#8221; font_icon=&#8221;&#xe052;||divi||400&#8243; icon_placement=&#8221;left&#8221; image_icon_width=&#8221;34px&#8221; content_max_width=&#8221;250px&#8221; _builder_version=&#8221;4.16&#8243; header_level=&#8221;h6&#8243; header_font=&#8221;|||on|||||&#8221; header_text_align=&#8221;left&#8221; body_font=&#8221;||||||||&#8221; body_text_align=&#8221;left&#8221; custom_padding=&#8221;3%||3%|&#8221; border_width_all=&#8221;1px&#8221; border_color_all=&#8221;#d5d3d6&#8243; icon_font_size=&#8221;34px&#8221; global_colors_info=&#8221;{}&#8221; theme_builder_area=&#8221;post_content&#8221;]<p>Gratis para todos nuestros clientes.<\/p>[\/et_pb_blurb][\/et_pb_column][et_pb_column type=&#8221;1_3&#8243; _builder_version=&#8221;4.16&#8243; custom_padding=&#8221;|||&#8221; global_colors_info=&#8221;{}&#8221; custom_padding__hover=&#8221;|||&#8221; theme_builder_area=&#8221;post_content&#8221;][et_pb_blurb title=&#8221;NO FUMAR&#8221; url=&#8221;http:\/\/bbbrentacar.com\/esp\/project\/car-test\/?et_fb=1&#8243; use_icon=&#8221;on&#8221; font_icon=&#8221;&#xe02e;||divi||400&#8243; icon_color=&#8221;#D14231&#8243; icon_placement=&#8221;left&#8221; image_icon_width=&#8221;34px&#8221; content_max_width=&#8221;291px&#8221; _builder_version=&#8221;4.16&#8243; header_level=&#8221;h6&#8243; header_font=&#8221;|||on|||||&#8221; header_text_align=&#8221;left&#8221; body_font=&#8221;||||||||&#8221; body_text_align=&#8221;left&#8221; custom_padding=&#8221;3%||3%|&#8221; border_width_all=&#8221;1px&#8221; border_color_all=&#8221;#d5d3d6&#8243; icon_font_size=&#8221;34px&#8221; global_colors_info=&#8221;{}&#8221; theme_builder_area=&#8221;post_content&#8221;]<p>Todos nuestros veh\u00edculos son de no fumadores.<\/p>[\/et_pb_blurb][\/et_pb_column][\/et_pb_row][\/et_pb_section][et_pb_section fb_built=&#8221;1&#8243; _builder_version=&#8221;4.16&#8243; custom_padding=&#8221;0px|0px|5px|0px&#8221; global_colors_info=&#8221;{}&#8221; theme_builder_area=&#8221;post_content&#8221;][et_pb_row _builder_version=&#8221;4.16&#8243; custom_padding=&#8221;0px|0px|24.8906px|0px&#8221; global_colors_info=&#8221;{}&#8221; theme_builder_area=&#8221;post_content&#8221;][et_pb_column type=&#8221;4_4&#8243; _builder_version=&#8221;4.16&#8243; custom_padding=&#8221;|||&#8221; global_colors_info=&#8221;{}&#8221; custom_padding__hover=&#8221;|||&#8221; theme_builder_area=&#8221;post_content&#8221;][et_pb_text _builder_version=&#8221;4.16&#8243; text_font=&#8221;|700|||||||&#8221; text_text_color=&#8221;#4d4b4e&#8221; background_color=&#8221;#fff&#8221; text_orientation=&#8221;center&#8221; module_alignment=&#8221;center&#8221; custom_padding=&#8221;25px|25px|25px|25px&#8221; border_width_all=&#8221;15px&#8221; border_color_all=&#8221;#efefef&#8221; global_colors_info=&#8221;{}&#8221; theme_builder_area=&#8221;post_content&#8221;]<p>Nuestra flotilla de autom\u00f3viles, vans, camionetas y SUVs se encuentra limpia, totalmente reacondicionada, con excelente mantenimiento y con inspecciones de seguridad para mantener a nuestros clientes felices, seguros y en movimiento. Ninguno de nuestros autos tiene marcas, calcoman\u00edas o letreros que indiquen que usted es un turista o un anuncio publicitario para una franquicia de alquiler.<\/p>[\/et_pb_text][\/et_pb_column][\/et_pb_row][\/et_pb_section][et_pb_section fb_built=&#8221;1&#8243; _builder_version=&#8221;4.16&#8243; custom_padding=&#8221;0px|0px|43px|0px&#8221; global_colors_info=&#8221;{}&#8221; theme_builder_area=&#8221;post_content&#8221;][et_pb_row _builder_version=&#8221;4.16&#8243; background_size=&#8221;initial&#8221; background_position=&#8221;top_left&#8221; background_repeat=&#8221;repeat&#8221; custom_padding=&#8221;0px|0px|0px|0px&#8221; global_colors_info=&#8221;{}&#8221; theme_builder_area=&#8221;post_content&#8221;][et_pb_column type=&#8221;4_4&#8243; _builder_version=&#8221;4.16&#8243; custom_padding=&#8221;|||&#8221; global_colors_info=&#8221;{}&#8221; custom_padding__hover=&#8221;|||&#8221; theme_builder_area=&#8221;post_content&#8221;][et_pb_cta title=&#8221;\u00bfListo para Reservar tu Auto en Baja?&#8221; button_url=&#8221;http:\/\/bbbrentacar.com\/esp\/contact-booking\/&#8221; button_text=&#8221;OBTEN UNA COTIZACI\u00d3N&#8221; _builder_version=&#8221;4.16&#8243; header_level=&#8221;h1&#8243; header_font=&#8221;||||||||&#8221; header_line_height=&#8221;1.2em&#8221; body_font=&#8221;||||||||&#8221; background_color=&#8221;#fff&#8221; background_color_gradient_direction=&#8221;330deg&#8221; background_size=&#8221;initial&#8221; background_position=&#8221;top_left&#8221; background_repeat=&#8221;repeat&#8221; custom_button=&#8221;on&#8221; button_text_color=&#8221;#ffffff&#8221; button_bg_color=&#8221;#d14231&#8243; button_border_width=&#8221;0px&#8221; button_border_radius=&#8221;46px&#8221; button_letter_spacing=&#8221;1px&#8221; button_font=&#8221;|||on|||||&#8221; button_icon=&#8221;&#xe03c;||divi||400&#8243; button_icon_color=&#8221;#ecf7f0&#8243; background_layout=&#8221;light&#8221; custom_margin=&#8221;|||&#8221; custom_padding=&#8221;50px||50px|&#8221; border_width_all=&#8221;1px&#8221; border_color_all=&#8221;#d5d3d6&#8243; border_width_bottom=&#8221;7px&#8221; border_color_bottom=&#8221;#18a74c&#8221; button_bg_color_hover=&#8221;#c1392a&#8221; global_colors_info=&#8221;{}&#8221; button_text_size__hover_enabled=&#8221;off&#8221; button_one_text_size__hover_enabled=&#8221;off&#8221; button_two_text_size__hover_enabled=&#8221;off&#8221; button_text_color__hover_enabled=&#8221;off&#8221; button_one_text_color__hover_enabled=&#8221;off&#8221; button_two_text_color__hover_enabled=&#8221;off&#8221; button_border_width__hover_enabled=&#8221;off&#8221; button_one_border_width__hover_enabled=&#8221;off&#8221; button_two_border_width__hover_enabled=&#8221;off&#8221; button_border_color__hover_enabled=&#8221;off&#8221; button_one_border_color__hover_enabled=&#8221;off&#8221; button_two_border_color__hover_enabled=&#8221;off&#8221; button_border_radius__hover_enabled=&#8221;off&#8221; button_one_border_radius__hover_enabled=&#8221;off&#8221; button_two_border_radius__hover_enabled=&#8221;off&#8221; button_letter_spacing__hover_enabled=&#8221;off&#8221; button_one_letter_spacing__hover_enabled=&#8221;off&#8221; button_two_letter_spacing__hover_enabled=&#8221;off&#8221; button_bg_color__hover_enabled=&#8221;on&#8221; button_bg_color__hover=&#8221;#c1392a&#8221; button_one_bg_color__hover_enabled=&#8221;off&#8221; button_two_bg_color__hover_enabled=&#8221;off&#8221; theme_builder_area=&#8221;post_content&#8221;]<p>\u00a1Ll\u00e1manos u obt\u00e9n una cotizaci\u00f3n y te ayudaremos!<\/p>[\/et_pb_cta][\/et_pb_column][\/et_pb_row][\/et_pb_section]\n","protected":false},"excerpt":{"rendered":"<p>RANGO DE PRECIO $$$$Nuestras Van KIA Sedona De Tama\u00f1o Completo, con Capacidad para 8 Personas Esta KIA Sedona viene con transmisi\u00f3n autom\u00e1tica y direcci\u00f3n asistida para una experiencia de conducci\u00f3n c\u00f3moda. El exterior est\u00e1 terminado en blanco, complementado por un interior gris con tapicer\u00eda de tela. Funciona con gasolina y tiene tracci\u00f3n delantera. Con una [&hellip;]<\/p>\n","protected":false},"author":2,"featured_media":34153,"comment_status":"open","ping_status":"closed","template":"","meta":{"_et_pb_use_builder":"on","_et_pb_old_content":"","_et_gb_content_width":"","footnotes":""},"project_category":[48,35,37,23],"project_tag":[],"class_list":["post-34176","project","type-project","status-publish","has-post-thumbnail","hentry","project_category-mid-price-vans","project_category-8-passenger","project_category-full-sized","project_category-vans"],"yoast_head":"<!-- This site is optimized with the Yoast SEO plugin v27.3 - https:\/\/yoast.com\/product\/yoast-seo-wordpress\/ -->\n<title>Kia Sedona 8 pasajeros - BBB Rent a Car<\/title>\n<meta name=\"robots\" content=\"index, follow, max-snippet:-1, max-image-preview:large, max-video-preview:-1\" \/>\n<link rel=\"canonical\" href=\"https:\/\/bbbrentacar.com\/esp\/project\/kia-sedona\/\" \/>\n<meta property=\"og:locale\" content=\"en_US\" \/>\n<meta property=\"og:type\" content=\"article\" \/>\n<meta property=\"og:title\" content=\"Kia Sedona 8 pasajeros - BBB Rent a Car\" \/>\n<meta property=\"og:description\" content=\"RANGO DE PRECIO $$$$Nuestras Van KIA Sedona De Tama\u00f1o Completo, con Capacidad para 8 Personas Esta KIA Sedona viene con transmisi\u00f3n autom\u00e1tica y direcci\u00f3n asistida para una experiencia de conducci\u00f3n c\u00f3moda. El exterior est\u00e1 terminado en blanco, complementado por un interior gris con tapicer\u00eda de tela. Funciona con gasolina y tiene tracci\u00f3n delantera. Con una [&hellip;]\" \/>\n<meta property=\"og:url\" content=\"https:\/\/bbbrentacar.com\/esp\/project\/kia-sedona\/\" \/>\n<meta property=\"og:site_name\" content=\"BBB Rent a Car\" \/>\n<meta property=\"article:modified_time\" content=\"2023-06-24T17:50:03+00:00\" \/>\n<meta property=\"og:image\" content=\"https:\/\/bbbrentacar.com\/esp\/wp-content\/uploads\/2019\/02\/IMG_1838-scaled.jpeg\" \/>\n\t<meta property=\"og:image:width\" content=\"2560\" \/>\n\t<meta property=\"og:image:height\" content=\"1920\" \/>\n\t<meta property=\"og:image:type\" content=\"image\/jpeg\" \/>\n<meta name=\"twitter:card\" content=\"summary_large_image\" \/>\n<meta name=\"twitter:label1\" content=\"Est. reading time\" \/>\n\t<meta name=\"twitter:data1\" content=\"4 minutes\" \/>\n<script type=\"application\/ld+json\" class=\"yoast-schema-graph\">{\"@context\":\"https:\\\/\\\/schema.org\",\"@graph\":[{\"@type\":\"WebPage\",\"@id\":\"https:\\\/\\\/bbbrentacar.com\\\/esp\\\/project\\\/kia-sedona\\\/\",\"url\":\"https:\\\/\\\/bbbrentacar.com\\\/esp\\\/project\\\/kia-sedona\\\/\",\"name\":\"Kia Sedona 8 pasajeros - BBB Rent a Car\",\"isPartOf\":{\"@id\":\"https:\\\/\\\/bbbrentacar.com\\\/esp\\\/#website\"},\"primaryImageOfPage\":{\"@id\":\"https:\\\/\\\/bbbrentacar.com\\\/esp\\\/project\\\/kia-sedona\\\/#primaryimage\"},\"image\":{\"@id\":\"https:\\\/\\\/bbbrentacar.com\\\/esp\\\/project\\\/kia-sedona\\\/#primaryimage\"},\"thumbnailUrl\":\"https:\\\/\\\/bbbrentacar.com\\\/esp\\\/wp-content\\\/uploads\\\/2019\\\/02\\\/IMG_1838-scaled.jpeg\",\"datePublished\":\"2023-06-24T17:47:57+00:00\",\"dateModified\":\"2023-06-24T17:50:03+00:00\",\"breadcrumb\":{\"@id\":\"https:\\\/\\\/bbbrentacar.com\\\/esp\\\/project\\\/kia-sedona\\\/#breadcrumb\"},\"inLanguage\":\"en-US\",\"potentialAction\":[{\"@type\":\"ReadAction\",\"target\":[\"https:\\\/\\\/bbbrentacar.com\\\/esp\\\/project\\\/kia-sedona\\\/\"]}]},{\"@type\":\"ImageObject\",\"inLanguage\":\"en-US\",\"@id\":\"https:\\\/\\\/bbbrentacar.com\\\/esp\\\/project\\\/kia-sedona\\\/#primaryimage\",\"url\":\"https:\\\/\\\/bbbrentacar.com\\\/esp\\\/wp-content\\\/uploads\\\/2019\\\/02\\\/IMG_1838-scaled.jpeg\",\"contentUrl\":\"https:\\\/\\\/bbbrentacar.com\\\/esp\\\/wp-content\\\/uploads\\\/2019\\\/02\\\/IMG_1838-scaled.jpeg\",\"width\":2560,\"height\":1920},{\"@type\":\"BreadcrumbList\",\"@id\":\"https:\\\/\\\/bbbrentacar.com\\\/esp\\\/project\\\/kia-sedona\\\/#breadcrumb\",\"itemListElement\":[{\"@type\":\"ListItem\",\"position\":1,\"name\":\"Home\",\"item\":\"https:\\\/\\\/bbbrentacar.com\\\/esp\\\/\"},{\"@type\":\"ListItem\",\"position\":2,\"name\":\"Projects\",\"item\":\"https:\\\/\\\/bbbrentacar.com\\\/esp\\\/project\\\/\"},{\"@type\":\"ListItem\",\"position\":3,\"name\":\"Kia Sedona 8 pasajeros\"}]},{\"@type\":\"WebSite\",\"@id\":\"https:\\\/\\\/bbbrentacar.com\\\/esp\\\/#website\",\"url\":\"https:\\\/\\\/bbbrentacar.com\\\/esp\\\/\",\"name\":\"BBB Rent a Car\",\"description\":\"Renta de autos en Los Cabos - Cabo San Lucas San Jose Del Cabo - Baja California Sur\",\"potentialAction\":[{\"@type\":\"SearchAction\",\"target\":{\"@type\":\"EntryPoint\",\"urlTemplate\":\"https:\\\/\\\/bbbrentacar.com\\\/esp\\\/?s={search_term_string}\"},\"query-input\":{\"@type\":\"PropertyValueSpecification\",\"valueRequired\":true,\"valueName\":\"search_term_string\"}}],\"inLanguage\":\"en-US\"}]}<\/script>\n<!-- \/ Yoast SEO plugin. -->","yoast_head_json":{"title":"Kia Sedona 8 pasajeros - BBB Rent a Car","robots":{"index":"index","follow":"follow","max-snippet":"max-snippet:-1","max-image-preview":"max-image-preview:large","max-video-preview":"max-video-preview:-1"},"canonical":"https:\/\/bbbrentacar.com\/esp\/project\/kia-sedona\/","og_locale":"en_US","og_type":"article","og_title":"Kia Sedona 8 pasajeros - BBB Rent a Car","og_description":"RANGO DE PRECIO $$$$Nuestras Van KIA Sedona De Tama\u00f1o Completo, con Capacidad para 8 Personas Esta KIA Sedona viene con transmisi\u00f3n autom\u00e1tica y direcci\u00f3n asistida para una experiencia de conducci\u00f3n c\u00f3moda. El exterior est\u00e1 terminado en blanco, complementado por un interior gris con tapicer\u00eda de tela. Funciona con gasolina y tiene tracci\u00f3n delantera. Con una [&hellip;]","og_url":"https:\/\/bbbrentacar.com\/esp\/project\/kia-sedona\/","og_site_name":"BBB Rent a Car","article_modified_time":"2023-06-24T17:50:03+00:00","og_image":[{"width":2560,"height":1920,"url":"https:\/\/bbbrentacar.com\/esp\/wp-content\/uploads\/2019\/02\/IMG_1838-scaled.jpeg","type":"image\/jpeg"}],"twitter_card":"summary_large_image","twitter_misc":{"Est. reading time":"4 minutes"},"schema":{"@context":"https:\/\/schema.org","@graph":[{"@type":"WebPage","@id":"https:\/\/bbbrentacar.com\/esp\/project\/kia-sedona\/","url":"https:\/\/bbbrentacar.com\/esp\/project\/kia-sedona\/","name":"Kia Sedona 8 pasajeros - BBB Rent a Car","isPartOf":{"@id":"https:\/\/bbbrentacar.com\/esp\/#website"},"primaryImageOfPage":{"@id":"https:\/\/bbbrentacar.com\/esp\/project\/kia-sedona\/#primaryimage"},"image":{"@id":"https:\/\/bbbrentacar.com\/esp\/project\/kia-sedona\/#primaryimage"},"thumbnailUrl":"https:\/\/bbbrentacar.com\/esp\/wp-content\/uploads\/2019\/02\/IMG_1838-scaled.jpeg","datePublished":"2023-06-24T17:47:57+00:00","dateModified":"2023-06-24T17:50:03+00:00","breadcrumb":{"@id":"https:\/\/bbbrentacar.com\/esp\/project\/kia-sedona\/#breadcrumb"},"inLanguage":"en-US","potentialAction":[{"@type":"ReadAction","target":["https:\/\/bbbrentacar.com\/esp\/project\/kia-sedona\/"]}]},{"@type":"ImageObject","inLanguage":"en-US","@id":"https:\/\/bbbrentacar.com\/esp\/project\/kia-sedona\/#primaryimage","url":"https:\/\/bbbrentacar.com\/esp\/wp-content\/uploads\/2019\/02\/IMG_1838-scaled.jpeg","contentUrl":"https:\/\/bbbrentacar.com\/esp\/wp-content\/uploads\/2019\/02\/IMG_1838-scaled.jpeg","width":2560,"height":1920},{"@type":"BreadcrumbList","@id":"https:\/\/bbbrentacar.com\/esp\/project\/kia-sedona\/#breadcrumb","itemListElement":[{"@type":"ListItem","position":1,"name":"Home","item":"https:\/\/bbbrentacar.com\/esp\/"},{"@type":"ListItem","position":2,"name":"Projects","item":"https:\/\/bbbrentacar.com\/esp\/project\/"},{"@type":"ListItem","position":3,"name":"Kia Sedona 8 pasajeros"}]},{"@type":"WebSite","@id":"https:\/\/bbbrentacar.com\/esp\/#website","url":"https:\/\/bbbrentacar.com\/esp\/","name":"BBB Rent a Car","description":"Renta de autos en Los Cabos - Cabo San Lucas San Jose Del Cabo - Baja California Sur","potentialAction":[{"@type":"SearchAction","target":{"@type":"EntryPoint","urlTemplate":"https:\/\/bbbrentacar.com\/esp\/?s={search_term_string}"},"query-input":{"@type":"PropertyValueSpecification","valueRequired":true,"valueName":"search_term_string"}}],"inLanguage":"en-US"}]}},"_links":{"self":[{"href":"https:\/\/bbbrentacar.com\/esp\/wp-json\/wp\/v2\/project\/34176","targetHints":{"allow":["GET"]}}],"collection":[{"href":"https:\/\/bbbrentacar.com\/esp\/wp-json\/wp\/v2\/project"}],"about":[{"href":"https:\/\/bbbrentacar.com\/esp\/wp-json\/wp\/v2\/types\/project"}],"author":[{"embeddable":true,"href":"https:\/\/bbbrentacar.com\/esp\/wp-json\/wp\/v2\/users\/2"}],"replies":[{"embeddable":true,"href":"https:\/\/bbbrentacar.com\/esp\/wp-json\/wp\/v2\/comments?post=34176"}],"version-history":[{"count":0,"href":"https:\/\/bbbrentacar.com\/esp\/wp-json\/wp\/v2\/project\/34176\/revisions"}],"wp:featuredmedia":[{"embeddable":true,"href":"https:\/\/bbbrentacar.com\/esp\/wp-json\/wp\/v2\/media\/34153"}],"wp:attachment":[{"href":"https:\/\/bbbrentacar.com\/esp\/wp-json\/wp\/v2\/media?parent=34176"}],"wp:term":[{"taxonomy":"project_category","embeddable":true,"href":"https:\/\/bbbrentacar.com\/esp\/wp-json\/wp\/v2\/project_category?post=34176"},{"taxonomy":"project_tag","embeddable":true,"href":"https:\/\/bbbrentacar.com\/esp\/wp-json\/wp\/v2\/project_tag?post=34176"}],"curies":[{"name":"wp","href":"https:\/\/api.w.org\/{rel}","templated":true}]}}